{"id":34741,"date":"2024-06-11T10:44:41","date_gmt":"2024-06-11T14:44:41","guid":{"rendered":"https:\/\/obstetricia.uv.cl\/inicio\/?page_id=34741"},"modified":"2026-04-20T16:39:28","modified_gmt":"2026-04-20T20:39:28","slug":"campos-clinicos","status":"publish","type":"page","link":"https:\/\/obstetricia.uv.cl\/inicio\/index.php\/campos-clinicos\/","title":{"rendered":"Campos Cl\u00ednicos"},"content":{"rendered":"<h1>Unidad de Campos Cl\u00ednicos<\/p>\n<\/h1>\n<hr>\n<h3>Noticias de nuestros Campos Cl\u00ednicos<\/h3>\n<div>\n<\/div>\n<h3>Links de Inter\u00e9s<\/h3>\n<ul>\n<li>\n        <a href=\"https:\/\/respeto.uv.cl\">respeto.uv.cl<\/a>\n    <\/li>\n<li>\n        <a href=\"https:\/\/obstetricia.uv.cl\/inicio\/index.php\/2025\/01\/06\/rotaciones-de-campos-clinicos\/\">Rotaciones<\/a>\n    <\/li>\n<li>\n        <a href=\"https:\/\/respeto.uv.cl\/ley-karin\">Ley Karin<\/a>\n    <\/li>\n<\/ul>\n<div>\n<h2>Recomendaciones para una experiencia positiva en Pr\u00e1cticas Cl\u00ednicas<\/h2>\n<\/div>\n<p><iframe src=\"https:\/\/youtu.be\/WwB6OWV5nWg\"><\/iframe><\/p>\n<p><iframe src=\"https:\/\/youtu.be\/XqzA6Pw74uw\"><\/iframe><\/p>\n<div>\n<h3>Sobre la Unidad<\/h3>\n<div>\n<p aria-level=\"2\"><b><span data-contrast=\"none\">Objetivo general<\/span><\/b><span data-ccp-props=\"{&quot;134245418&quot;:true,&quot;134245529&quot;:true,&quot;335551550&quot;:6,&quot;335551620&quot;:6}\">\u00a0<\/span><\/p>\n<p><span data-contrast=\"auto\">Promover una articulaci\u00f3n continua y efectiva entre la Escuela de Obstetricia y Puericultura y los campos cl\u00ednicos p\u00fablicos y privados, basada en una relaci\u00f3n de mutuo apoyo, que favorezca la incorporaci\u00f3n de estudiantes de pregrado a pr\u00e1cticas cl\u00ednicas para el desarrollo de competencias profesionales, en el marco de los convenios asistencial-docentes y la retribuci\u00f3n institucional entre la Universidad de Valpara\u00edso y los establecimientos de salud.<\/span><span data-ccp-props=\"{&quot;335551550&quot;:6,&quot;335551620&quot;:6}\">\u00a0<\/span><\/p>\n<p><b><span data-contrast=\"none\">Objetivo Espec\u00edfico:<\/span><\/b><span data-ccp-props=\"{&quot;134233117&quot;:false,&quot;134233118&quot;:false,&quot;201341983&quot;:0,&quot;335551550&quot;:6,&quot;335551620&quot;:6,&quot;335559738&quot;:0,&quot;335559739&quot;:200,&quot;335559740&quot;:276}\">\u00a0<\/span><\/p>\n<ul>\n<li><span data-contrast=\"auto\">Coordinar la incorporaci\u00f3n de estudiantes a los distintos campos cl\u00ednicos y de pr\u00e1cticas en diferentes instituciones de salud p\u00fablicas y privadas a nivel nacional y\/o internacional, as\u00ed como con otras entidades no gubernamentales.\u00a0<\/span><span data-ccp-props=\"{&quot;335551550&quot;:6,&quot;335551620&quot;:6}\">\u00a0<\/span><\/li>\n<li><span data-contrast=\"auto\">Fortalecer la relaci\u00f3n con distintos actores del medio social, especialmente con aquellos que se vinculan con el quehacer acad\u00e9mico y docente-asistencial de la Escuela Obstetricia y Puericultura de la Universidad de Valpara\u00edso.<\/span><span data-ccp-props=\"{&quot;335551550&quot;:6,&quot;335551620&quot;:6}\">\u00a0<\/span><\/li>\n<\/ul>\n<\/div>\n<\/div>\n<div>\n<p>        <img decoding=\"async\" src=\"\/inicio\/wp-content\/uploads\/2024\/06\/hospital-2.png\" alt=\"\"><\/p>\n<h3>Nuestros Campos Cl\u00ednicos<\/h3>\n<div>Poseemos una amplia red de convenios en diferentes partes del pa\u00eds, te invitamos a conocerlos.<\/p>\n<\/div>\n<\/div>\n<table>\n<tbody>\n<tr>\n<td>Corporaci\u00f3n Municipal de Vi\u00f1a del Mar para el Desarrollo Social (\u00c1rea de Salud)<\/td>\n<td>\n<ul>\n<li>Regi\u00f3n de Valpara\u00edso<\/li>\n<li>Pregrado<\/li>\n<\/ul>\n<\/td>\n<\/tr>\n<tr>\n<td>Corporaci\u00f3n Municipal Gabriel Gonzalez Videla de La Serena<\/td>\n<td>\n<ul>\n<li>Regi\u00f3n de Coquimbo<\/li>\n<li>Pregrado<\/li>\n<\/ul>\n<\/td>\n<\/tr>\n<tr>\n<td>Corporaci\u00f3n Municipal de Quilpu\u00e9<\/td>\n<td>\n<ul>\n<li>Regi\u00f3n de Valpara\u00edso<\/li>\n<li>Pregrado<\/li>\n<\/ul>\n<\/td>\n<\/tr>\n<tr>\n<td>Corporaci\u00f3n Municipal de Iquique CORMUDESI<\/td>\n<td>\n<ul>\n<li>Regi\u00f3n de Tarapac\u00e1<\/li>\n<li>Pregrado<\/li>\n<\/ul>\n<\/td>\n<\/tr>\n<tr>\n<td>Corporaci\u00f3n Municipal Gabriel Gonzalez Videla de La Serena<\/td>\n<td>\n<ul>\n<li>Regi\u00f3n de Coquimbo<\/li>\n<li>Pregrado<\/li>\n<\/ul>\n<\/td>\n<\/tr>\n<tr>\n<td>Corporaci\u00f3n Municipal de Villa Alemana<\/td>\n<td>\n<ul>\n<li>Regi\u00f3n de Valpara\u00edso<\/li>\n<li>Pregrado<\/li>\n<\/ul>\n<\/td>\n<\/tr>\n<tr>\n<td>Direcci\u00f3n de Sanidad de la Armada de Chile<\/td>\n<td>\n<ul>\n<li>Regi\u00f3n de Valpara\u00edso<\/li>\n<li>Pre y Postgrado<\/li>\n<\/ul>\n<\/td>\n<\/tr>\n<tr>\n<td>Modificaci\u00f3n Hospital Cl\u00ednico de Magallanes (TM)<\/td>\n<td>\n<ul>\n<li>Regi\u00f3n de Magallanes<\/li>\n<li>Pregrado<\/li>\n<\/ul>\n<\/td>\n<\/tr>\n<tr>\n<td>I. Municipalidad de La Ligua (Dpto. de Salud Municipal)<\/td>\n<td>\n<ul>\n<li>Regi\u00f3n de Valpara\u00edso<\/li>\n<li>Pregrado<\/li>\n<\/ul>\n<\/td>\n<\/tr>\n<tr>\n<td>I. Municipalidad de Quillota<\/td>\n<td>\n<ul>\n<li>Regi\u00f3n de Valpara\u00edso<\/li>\n<li>Pregrado<\/li>\n<\/ul>\n<\/td>\n<\/tr>\n<tr>\n<td>I. Municipalidad Con Con<\/td>\n<td>\n<ul>\n<li>Regi\u00f3n de Valpara\u00edso<\/li>\n<li>Pregrado<\/li>\n<\/ul>\n<\/td>\n<\/tr>\n<tr>\n<td>I. Municipalidad de Rengo <\/td>\n<td>\n<ul>\n<li>Regi\u00f3n de Ohiggins<\/li>\n<li>Pregrado<\/li>\n<\/ul>\n<\/td>\n<\/tr>\n<tr>\n<td>I. Municipalidad de Ovalle<\/td>\n<td>\n<ul>\n<li>Regi\u00f3n de Coquimbo<\/li>\n<li>Pregrado<\/li>\n<\/ul>\n<\/td>\n<\/tr>\n<tr>\n<td>I. Municipalidad de Copiap\u00f3<\/td>\n<td>\n<ul>\n<li>Regi\u00f3n de Atacama<\/li>\n<li>Pregrado<\/li>\n<\/ul>\n<\/td>\n<\/tr>\n<tr>\n<td>I. Municipalidad de Pinto<\/td>\n<td>\n<ul>\n<li>Regi\u00f3n de \u00d1uble<\/li>\n<li>Pregrado<\/li>\n<\/ul>\n<\/td>\n<\/tr>\n<tr>\n<td>I. Municipalidad de Caldera<\/td>\n<td>\n<ul>\n<li>Regi\u00f3n de Atacama<\/li>\n<li>Pregrado<\/li>\n<\/ul>\n<\/td>\n<\/tr>\n<tr>\n<td>I. Municipalidad El Tabo<\/td>\n<td>\n<ul>\n<li>Regi\u00f3n de Valpara\u00edso<\/li>\n<li>Pregrado<\/li>\n<\/ul>\n<\/td>\n<\/tr>\n<tr>\n<td>I. Municipalidad San Antonio<\/td>\n<td>\n<ul>\n<li>Regi\u00f3n de Valpara\u00edso<\/li>\n<li>Pregrado<\/li>\n<\/ul>\n<\/td>\n<\/tr>\n<tr>\n<td>I. Municipalidad Quemchi<\/td>\n<td>\n<ul>\n<li>Regi\u00f3n de Los Lagos<\/li>\n<li>Pregrado<\/li>\n<\/ul>\n<\/td>\n<\/tr>\n<tr>\n<td>I. Municipalidad Santa Cruz<\/td>\n<td>\n<ul>\n<li>Regi\u00f3n de Ohiggins<\/li>\n<li>Pregrado<\/li>\n<\/ul>\n<\/td>\n<\/tr>\n<tr>\n<td>I. Municipalidad Illapel<\/td>\n<td>\n<ul>\n<li>Regi\u00f3n de Coquimbo<\/li>\n<li>Pregrado<\/li>\n<\/ul>\n<\/td>\n<\/tr>\n<tr>\n<td>I. Municipalidad San Vicente Tagua Tagua<\/td>\n<td>\n<ul>\n<li>Regi\u00f3n de Ohiggins<\/li>\n<li>Pregrado<\/li>\n<\/ul>\n<\/td>\n<\/tr>\n<tr>\n<td>I. Municipalidad Puchuncavi<\/td>\n<td>\n<ul>\n<li>Regi\u00f3n de Valpara\u00edso<\/li>\n<li>Pregrado<\/li>\n<\/ul>\n<\/td>\n<\/tr>\n<tr>\n<td>I Municipalidad de Navidad<\/td>\n<td>\n<ul>\n<li>Regi\u00f3n de O&#8217;Higgins<\/li>\n<li>Pregrado<\/li>\n<\/ul>\n<\/td>\n<\/tr>\n<tr>\n<td>Servicio de Salud Valpara\u00edso &#8211; San Antonio<\/td>\n<td>\n<ul>\n<li>Regi\u00f3n de Valpara\u00edso<\/li>\n<li>Pre y Postgrado<\/li>\n<\/ul>\n<\/td>\n<\/tr>\n<tr>\n<td>Servicio de Salud Vi\u00f1a del Mar &#8211; Quillota<\/td>\n<td>\n<ul>\n<li>Regi\u00f3n de Valpara\u00edso<\/li>\n<li>Pre y Postgrado<\/li>\n<\/ul>\n<\/td>\n<\/tr>\n<tr>\n<td>Servicio de Salud Coquimbo<\/td>\n<td>\n<ul>\n<li>Regi\u00f3n de Coquimbo<\/li>\n<li>Pregrado<\/li>\n<\/ul>\n<\/td>\n<\/tr>\n<\/tbody>\n<\/table>\n<p><!--more--><br \/>\n<!-- {\"type\":\"layout\",\"children\":[{\"type\":\"section\",\"props\":{\"style\":\"default\",\"width\":\"default\",\"vertical_align\":\"middle\",\"title_position\":\"top-left\",\"title_rotation\":\"left\",\"title_breakpoint\":\"xl\",\"image_position\":\"center-center\"},\"children\":[{\"type\":\"row\",\"children\":[{\"type\":\"column\",\"props\":{\"position_sticky_breakpoint\":\"m\",\"image_position\":\"center-center\",\"media_overlay_gradient\":\"\"},\"children\":[{\"name\":\"Headline Style H1\",\"type\":\"headline\",\"props\":{\"content\":\"\n\n<p>Unidad de Campos Cl\\u00ednicos<\\\/p>\",\"title_element\":\"h1\",\"title_style\":\"heading-large\",\"title_color\":\"background\",\"margin_remove_bottom\":true}},{\"name\":\"Divider Style Icon\",\"type\":\"divider\",\"props\":{\"divider_element\":\"hr\",\"divider_style\":\"\",\"margin_remove_top\":true,\"margin_remove_bottom\":true}},{\"type\":\"fragment\",\"children\":[{\"type\":\"row\",\"children\":[{\"type\":\"column\",\"props\":{\"position_sticky_breakpoint\":\"m\",\"image_position\":\"center-center\",\"media_overlay_gradient\":\"\",\"width_medium\":\"3-4\"},\"children\":[{\"name\":\"Headline Decoration Line Center\",\"type\":\"headline\",\"props\":{\"block_align\":\"center\",\"content\":\"Noticias de nuestros Campos Cl\\u00ednicos\",\"text_align\":\"center\",\"title_decoration\":\"line\",\"title_element\":\"h3\"}},{\"name\":\"Slideshow Viewport Height Content Left\",\"type\":\"slideshow\",\"children\":[{\"type\":\"slideshow_item\",\"source\":{\"query\":{\"name\":\"posts.customPosts\",\"arguments\":{\"terms\":[270],\"category_operator\":\"IN\",\"post_tag_operator\":\"IN\",\"users\":[],\"users_operator\":\"IN\",\"offset\":0,\"limit\":20,\"order\":\"date\",\"order_direction\":\"DESC\"}},\"props\":{\"image\":{\"filters\":{\"search\":\"\"},\"name\":\"featuredImage.url\"},\"title\":{\"filters\":{\"search\":\"\"},\"name\":\"title\"},\"link\":{\"filters\":{\"search\":\"\"},\"name\":\"link\"}}}}],\"props\":{\"image_width\":\"2560\",\"link_margin\":\"small\",\"link_style\":\"primary\",\"link_text\":\"M\\u00e1s Informaci\\u00f3n\",\"margin\":\"default\",\"meta_align\":\"above-title\",\"meta_element\":\"div\",\"meta_style\":\"h5\",\"nav\":\"dotnav\",\"nav_align\":\"center\",\"nav_below\":true,\"nav_breakpoint\":\"\",\"nav_position\":\"bottom-center\",\"nav_position_margin\":\"medium\",\"nav_vertical\":false,\"overlay_animation\":\"fade\",\"overlay_container\":\"large\",\"overlay_position\":\"center\",\"overlay_width\":\"large\",\"show_content\":true,\"show_link\":true,\"show_meta\":true,\"show_thumbnail\":true,\"show_title\":true,\"slidenav\":\"default\",\"slidenav_breakpoint\":\"m\",\"slidenav_hover\":true,\"slidenav_large\":true,\"slidenav_margin\":\"medium\",\"slidenav_outside_breakpoint\":\"xl\",\"slideshow_animation\":\"fade\",\"slideshow_autoplay\":false,\"slideshow_autoplay_pause\":true,\"slideshow_height\":\"percent\",\"slideshow_kenburns\":\"\",\"slideshow_min_height\":\"500\",\"slideshow_velocity\":0.6,\"text_align\":\"left\",\"text_align_fallback\":\"center\",\"text_color\":\"light\",\"thumbnav_height\":\"75\",\"thumbnav_nowrap\":true,\"thumbnav_svg_color\":\"emphasis\",\"thumbnav_width\":\"100\",\"title_element\":\"h2\",\"title_style\":\"h2\",\"slideshow_box_shadow\":\"\",\"image_loading\":true,\"title_margin\":\"small\",\"slideshow_box_decoration\":\"\",\"link_parallax_x\":\"600\",\"nav_color\":\"light\",\"overlay_style\":\"overlay-default\",\"overlay_container_padding\":\"large\"}}]},{\"type\":\"column\",\"props\":{\"position_sticky_breakpoint\":\"m\",\"image_position\":\"center-center\",\"media_overlay_gradient\":\"\",\"width_medium\":\"1-4\"},\"children\":[{\"name\":\"Headline Decoration Line Center\",\"type\":\"headline\",\"props\":{\"block_align\":\"center\",\"content\":\"Links de Inter\\u00e9s\",\"text_align\":\"center\",\"title_decoration\":\"line\",\"title_element\":\"h3\"}},{\"type\":\"button\",\"props\":{\"grid_column_gap\":\"small\",\"grid_row_gap\":\"small\",\"margin\":\"default\",\"button_size\":\"large\",\"fullwidth\":true},\"children\":[{\"type\":\"button_item\",\"props\":{\"button_style\":\"primary\",\"icon_align\":\"left\",\"content\":\"respeto.uv.cl\",\"link\":\"https:\\\/\\\/respeto.uv.cl\",\"icon\":\"world\"}},{\"type\":\"button_item\",\"props\":{\"button_style\":\"primary\",\"icon_align\":\"left\",\"content\":\"Rotaciones\",\"link\":\"https:\\\/\\\/obstetricia.uv.cl\\\/inicio\\\/index.php\\\/2025\\\/01\\\/06\\\/rotaciones-de-campos-clinicos\\\/\",\"icon\":\"settings\"}},{\"type\":\"button_item\",\"props\":{\"button_style\":\"danger\",\"icon_align\":\"left\",\"content\":\"Ley Karin\",\"link\":\"https:\\\/\\\/respeto.uv.cl\\\/ley-karin\",\"icon\":\"bell\"}}]}]}],\"props\":{\"layout\":\"3-4,1-4\"}},{\"type\":\"row\",\"props\":{\"layout\":\"1-2,1-2\"},\"children\":[{\"type\":\"column\",\"props\":{\"position_sticky_breakpoint\":\"m\",\"image_position\":\"center-center\",\"media_overlay_gradient\":\"\",\"width_medium\":\"1-2\"},\"children\":[{\"name\":\"Panel Style Card Primary\",\"type\":\"panel\",\"props\":{\"block_align\":\"center\",\"content\":\"\",\"content_column_breakpoint\":\"m\",\"content_margin\":\"small\",\"icon_width\":80,\"image\":\"\",\"image_align\":\"top\",\"image_grid_breakpoint\":\"m\",\"image_grid_width\":\"1-2\",\"image_height\":\"50\",\"image_svg_color\":\"emphasis\",\"image_svg_inline\":true,\"image_width\":\"50\",\"link_style\":\"default\",\"link_text\":\"Read more\",\"margin\":\"default\",\"meta\":\"\",\"meta_align\":\"above-title\",\"meta_element\":\"div\",\"meta_style\":\"text-meta\",\"panel_card_image\":false,\"panel_padding\":\"default\",\"panel_style\":\"card-primary\",\"title\":\"Recomendaciones para una experiencia positiva en Pr\\u00e1cticas Cl\\u00ednicas\",\"title_align\":\"top\",\"title_element\":\"h2\",\"title_grid_breakpoint\":\"m\",\"title_grid_width\":\"1-2\",\"title_hover_style\":\"reset\",\"image_svg_animate\":false,\"image_loading\":true,\"text_align\":\"justify\"}},{\"type\":\"video\",\"props\":{\"video_controls\":true,\"margin\":\"default\",\"video\":\"https:\\\/\\\/youtu.be\\\/WwB6OWV5nWg\",\"video_width\":\"100%\",\"video_height\":\"330\"}},{\"type\":\"video\",\"props\":{\"video_controls\":true,\"margin\":\"default\",\"video\":\"https:\\\/\\\/youtu.be\\\/XqzA6Pw74uw\",\"video_width\":\"100%\",\"video_height\":\"330\"}},{\"name\":\"Panel Style Card Primary\",\"type\":\"panel\",\"props\":{\"block_align\":\"center\",\"content\":\"\n\n<p aria-level=\\\"2\\\"><b><span data-contrast=\\\"none\\\">Objetivo general<\\\/span><\\\/b><span data-ccp-props=\\\"{&quot;134245418&quot;:true,&quot;134245529&quot;:true,&quot;335551550&quot;:6,&quot;335551620&quot;:6}\\\">\\u00a0<\\\/span><\\\/p>\\n\n\n<p><span data-contrast=\\\"auto\\\">Promover una articulaci\\u00f3n continua y efectiva entre la Escuela de Obstetricia y Puericultura y los campos cl\\u00ednicos p\\u00fablicos y privados, basada en una relaci\\u00f3n de mutuo apoyo, que favorezca la incorporaci\\u00f3n de estudiantes de pregrado a pr\\u00e1cticas cl\\u00ednicas para el desarrollo de competencias profesionales, en el marco de los convenios asistencial-docentes y la retribuci\\u00f3n institucional entre la Universidad de Valpara\\u00edso y los establecimientos de salud.<\\\/span><span data-ccp-props=\\\"{&quot;335551550&quot;:6,&quot;335551620&quot;:6}\\\">\\u00a0<\\\/span><\\\/p>\\n\n\n<p><b><span data-contrast=\\\"none\\\">Objetivo Espec\\u00edfico:<\\\/span><\\\/b><span data-ccp-props=\\\"{&quot;134233117&quot;:false,&quot;134233118&quot;:false,&quot;201341983&quot;:0,&quot;335551550&quot;:6,&quot;335551620&quot;:6,&quot;335559738&quot;:0,&quot;335559739&quot;:200,&quot;335559740&quot;:276}\\\">\\u00a0<\\\/span><\\\/p>\\n\n\n<ul>\\n\n\n<li><span data-contrast=\\\"auto\\\">Coordinar la incorporaci\\u00f3n de estudiantes a los distintos campos cl\\u00ednicos y de pr\\u00e1cticas en diferentes instituciones de salud p\\u00fablicas y privadas a nivel nacional y\\\/o internacional, as\\u00ed como con otras entidades no gubernamentales.\\u00a0<\\\/span><span data-ccp-props=\\\"{&quot;335551550&quot;:6,&quot;335551620&quot;:6}\\\">\\u00a0<\\\/span><\\\/li>\\n\n\n<li><span data-contrast=\\\"auto\\\">Fortalecer la relaci\\u00f3n con distintos actores del medio social, especialmente con aquellos que se vinculan con el quehacer acad\\u00e9mico y docente-asistencial de la Escuela Obstetricia y Puericultura de la Universidad de Valpara\\u00edso.<\\\/span><span data-ccp-props=\\\"{&quot;335551550&quot;:6,&quot;335551620&quot;:6}\\\">\\u00a0<\\\/span><\\\/li>\\n<\\\/ul>\",\"content_column_breakpoint\":\"m\",\"content_margin\":\"small\",\"icon_width\":80,\"image\":\"\",\"image_align\":\"top\",\"image_grid_breakpoint\":\"m\",\"image_grid_width\":\"1-2\",\"image_height\":\"50\",\"image_svg_color\":\"emphasis\",\"image_svg_inline\":true,\"image_width\":\"50\",\"link_style\":\"default\",\"link_text\":\"Read more\",\"margin\":\"default\",\"meta\":\"\",\"meta_align\":\"above-title\",\"meta_element\":\"div\",\"meta_style\":\"text-meta\",\"panel_card_image\":false,\"panel_padding\":\"default\",\"panel_style\":\"card-primary\",\"title\":\"Sobre la Unidad\",\"title_align\":\"top\",\"title_element\":\"h3\",\"title_grid_breakpoint\":\"m\",\"title_grid_width\":\"1-2\",\"title_hover_style\":\"reset\",\"image_svg_animate\":false,\"image_loading\":true,\"text_align\":\"justify\"}}]},{\"type\":\"column\",\"props\":{\"position_sticky_breakpoint\":\"m\",\"image_position\":\"center-center\",\"media_overlay_gradient\":\"\",\"width_medium\":\"1-2\"},\"children\":[{\"name\":\"Panel Style Card Primary\",\"type\":\"panel\",\"props\":{\"block_align\":\"center\",\"content\":\"\n\n<p>Poseemos una amplia red de convenios en diferentes partes del pa\\u00eds, te invitamos a conocerlos.<\\\/p>\",\"content_column_breakpoint\":\"m\",\"content_margin\":\"small\",\"icon_width\":80,\"image\":\"wp-content\\\/uploads\\\/2024\\\/06\\\/hospital-2.png\",\"image_align\":\"top\",\"image_grid_breakpoint\":\"m\",\"image_grid_width\":\"1-2\",\"image_height\":\"50\",\"image_svg_color\":\"emphasis\",\"image_svg_inline\":true,\"image_width\":\"50\",\"link_style\":\"default\",\"link_text\":\"Read more\",\"margin\":\"default\",\"meta\":\"\",\"meta_align\":\"above-title\",\"meta_element\":\"div\",\"meta_style\":\"text-meta\",\"panel_card_image\":false,\"panel_padding\":\"default\",\"panel_style\":\"card-primary\",\"title\":\"Nuestros Campos Cl\\u00ednicos\",\"title_align\":\"top\",\"title_element\":\"h3\",\"title_grid_breakpoint\":\"m\",\"title_grid_width\":\"1-2\",\"title_hover_style\":\"reset\"}},{\"type\":\"table\",\"props\":{\"show_title\":true,\"show_meta\":true,\"show_content\":true,\"show_image\":true,\"show_link\":true,\"table_order\":\"1\",\"table_responsive\":\"overflow\",\"table_width_title\":\"medium\",\"table_width_meta\":\"shrink\",\"meta_style\":\"text-meta\",\"image_svg_color\":\"emphasis\",\"link_text\":\"Read more\",\"link_style\":\"default\",\"table_style\":\"striped\",\"table_hover\":true,\"table_size\":\"small\"},\"children\":[{\"type\":\"table_item\",\"props\":{\"title\":\"Corporaci\\u00f3n Municipal de Vi\\u00f1a del Mar para el Desarrollo Social (\\u00c1rea de Salud)\",\"content\":\"\n\n<ul>\\n\n\n<li>Regi\\u00f3n de Valpara\\u00edso<\\\/li>\\n\n\n<li>Pregrado<\\\/li>\\n<\\\/ul>\"}},{\"type\":\"table_item\",\"props\":{\"title\":\"Corporaci\\u00f3n Municipal Gabriel Gonzalez Videla de La Serena\",\"content\":\"\n\n<ul>\\n\n\n<li>Regi\\u00f3n de Coquimbo<\\\/li>\\n\n\n<li>Pregrado<\\\/li>\\n<\\\/ul>\"}},{\"type\":\"table_item\",\"props\":{\"title\":\"Corporaci\\u00f3n Municipal de Quilpu\\u00e9\",\"content\":\"\n\n<ul>\\n\n\n<li>Regi\\u00f3n de Valpara\\u00edso<\\\/li>\\n\n\n<li>Pregrado<\\\/li>\\n<\\\/ul>\"}},{\"type\":\"table_item\",\"props\":{\"title\":\"Corporaci\\u00f3n Municipal de Iquique CORMUDESI\",\"content\":\"\n\n<ul>\\n\n\n<li>Regi\\u00f3n de Tarapac\\u00e1<\\\/li>\\n\n\n<li>Pregrado<\\\/li>\\n<\\\/ul>\"}},{\"type\":\"table_item\",\"props\":{\"title\":\"Corporaci\\u00f3n Municipal Gabriel Gonzalez Videla de La Serena\",\"content\":\"\n\n<ul>\\n\n\n<li>Regi\\u00f3n de Coquimbo<\\\/li>\\n\n\n<li>Pregrado<\\\/li>\\n<\\\/ul>\"}},{\"type\":\"table_item\",\"props\":{\"title\":\"Corporaci\\u00f3n Municipal de Villa Alemana\",\"content\":\"\n\n<ul>\\n\n\n<li>Regi\\u00f3n de Valpara\\u00edso<\\\/li>\\n\n\n<li>Pregrado<\\\/li>\\n<\\\/ul>\"}},{\"type\":\"table_item\",\"props\":{\"title\":\"Direcci\\u00f3n de Sanidad de la Armada de Chile\",\"content\":\"\n\n<ul>\\n\n\n<li>Regi\\u00f3n de Valpara\\u00edso<\\\/li>\\n\n\n<li>Pre y Postgrado<\\\/li>\\n<\\\/ul>\"}},{\"type\":\"table_item\",\"props\":{\"content\":\"\n\n<ul>\\n\n\n<li>Regi\\u00f3n de Magallanes<\\\/li>\\n\n\n<li>Pregrado<\\\/li>\\n<\\\/ul>\",\"title\":\"Modificaci\\u00f3n Hospital Cl\\u00ednico de Magallanes (TM)\"}},{\"type\":\"table_item\",\"props\":{\"title\":\"I. Municipalidad de La Ligua (Dpto. de Salud Municipal)\",\"content\":\"\n\n<ul>\\n\n\n<li>Regi\\u00f3n de Valpara\\u00edso<\\\/li>\\n\n\n<li>Pregrado<\\\/li>\\n<\\\/ul>\"}},{\"type\":\"table_item\",\"props\":{\"title\":\"I. Municipalidad de Quillota\",\"content\":\"\n\n<ul>\\n\n\n<li>Regi\\u00f3n de Valpara\\u00edso<\\\/li>\\n\n\n<li>Pregrado<\\\/li>\\n<\\\/ul>\"}},{\"type\":\"table_item\",\"props\":{\"title\":\"I. Municipalidad Con Con\",\"content\":\"\n\n<ul>\\n\n\n<li>Regi\\u00f3n de Valpara\\u00edso<\\\/li>\\n\n\n<li>Pregrado<\\\/li>\\n<\\\/ul>\"}},{\"type\":\"table_item\",\"props\":{\"title\":\"I. Municipalidad de Rengo \",\"content\":\"\n\n<ul>\\n\n\n<li>Regi\\u00f3n de Ohiggins<\\\/li>\\n\n\n<li>Pregrado<\\\/li>\\n<\\\/ul>\"}},{\"type\":\"table_item\",\"props\":{\"title\":\"I. Municipalidad de Ovalle\",\"content\":\"\n\n<ul>\\n\n\n<li>Regi\\u00f3n de Coquimbo<\\\/li>\\n\n\n<li>Pregrado<\\\/li>\\n<\\\/ul>\"}},{\"type\":\"table_item\",\"props\":{\"title\":\"I. Municipalidad de Copiap\\u00f3\",\"content\":\"\n\n<ul>\\n\n\n<li>Regi\\u00f3n de Atacama<\\\/li>\\n\n\n<li>Pregrado<\\\/li>\\n<\\\/ul>\"}},{\"type\":\"table_item\",\"props\":{\"title\":\"I. Municipalidad de Pinto\",\"content\":\"\n\n<ul>\\n\n\n<li>Regi\\u00f3n de \\u00d1uble<\\\/li>\\n\n\n<li>Pregrado<\\\/li>\\n<\\\/ul>\"}},{\"type\":\"table_item\",\"props\":{\"title\":\"I. Municipalidad de Caldera\",\"content\":\"\n\n<ul>\\n\n\n<li>Regi\\u00f3n de Atacama<\\\/li>\\n\n\n<li>Pregrado<\\\/li>\\n<\\\/ul>\"}},{\"type\":\"table_item\",\"props\":{\"title\":\"I. Municipalidad El Tabo\",\"content\":\"\n\n<ul>\\n\n\n<li>Regi\\u00f3n de Valpara\\u00edso<\\\/li>\\n\n\n<li>Pregrado<\\\/li>\\n<\\\/ul>\"}},{\"type\":\"table_item\",\"props\":{\"title\":\"I. Municipalidad San Antonio\",\"content\":\"\n\n<ul>\\n\n\n<li>Regi\\u00f3n de Valpara\\u00edso<\\\/li>\\n\n\n<li>Pregrado<\\\/li>\\n<\\\/ul>\"}},{\"type\":\"table_item\",\"props\":{\"title\":\"I. Municipalidad Quemchi\",\"content\":\"\n\n<ul>\\n\n\n<li>Regi\\u00f3n de Los Lagos<\\\/li>\\n\n\n<li>Pregrado<\\\/li>\\n<\\\/ul>\"}},{\"type\":\"table_item\",\"props\":{\"title\":\"I. Municipalidad Santa Cruz\",\"content\":\"\n\n<ul>\\n\n\n<li>Regi\\u00f3n de Ohiggins<\\\/li>\\n\n\n<li>Pregrado<\\\/li>\\n<\\\/ul>\"}},{\"type\":\"table_item\",\"props\":{\"title\":\"I. Municipalidad Illapel\",\"content\":\"\n\n<ul>\\n\n\n<li>Regi\\u00f3n de Coquimbo<\\\/li>\\n\n\n<li>Pregrado<\\\/li>\\n<\\\/ul>\"}},{\"type\":\"table_item\",\"props\":{\"title\":\"I. Municipalidad San Vicente Tagua Tagua\",\"content\":\"\n\n<ul>\\n\n\n<li>Regi\\u00f3n de Ohiggins<\\\/li>\\n\n\n<li>Pregrado<\\\/li>\\n<\\\/ul>\"}},{\"type\":\"table_item\",\"props\":{\"title\":\"I. Municipalidad Puchuncavi\",\"content\":\"\n\n<ul>\\n\n\n<li>Regi\\u00f3n de Valpara\\u00edso<\\\/li>\\n\n\n<li>Pregrado<\\\/li>\\n<\\\/ul>\"}},{\"type\":\"table_item\",\"props\":{\"title\":\"I Municipalidad de Navidad\",\"content\":\"\n\n<ul>\\n\n\n<li>Regi\\u00f3n de O'Higgins<\\\/li>\\n\n\n<li>Pregrado<\\\/li>\\n<\\\/ul>\"}},{\"type\":\"table_item\",\"props\":{\"title\":\"Servicio de Salud Valpara\\u00edso - San Antonio\",\"content\":\"\n\n<ul>\\n\n\n<li>Regi\\u00f3n de Valpara\\u00edso<\\\/li>\\n\n\n<li>Pre y Postgrado<\\\/li>\\n<\\\/ul>\"}},{\"type\":\"table_item\",\"props\":{\"title\":\"Servicio de Salud Vi\\u00f1a del Mar - Quillota\",\"content\":\"\n\n<ul>\\n\n\n<li>Regi\\u00f3n de Valpara\\u00edso<\\\/li>\\n\n\n<li>Pre y Postgrado<\\\/li>\\n<\\\/ul>\"}},{\"type\":\"table_item\",\"props\":{\"title\":\"Servicio de Salud Coquimbo\",\"content\":\"\n\n<ul>\\n\n\n<li>Regi\\u00f3n de Coquimbo<\\\/li>\\n\n\n<li>Pregrado<\\\/li>\\n<\\\/ul>\"}}]}]}]}]}]}]}]}],\"version\":\"3.0.7\"} --><\/p>\n","protected":false},"excerpt":{"rendered":"<p>Unidad de Campos Cl\u00ednicos Noticias de nuestros Campos Cl\u00ednicos Links de Inter\u00e9s respeto.uv.cl Rotaciones Ley Karin Recomendaciones para una experiencia positiva en Pr\u00e1cticas Cl\u00ednicas Sobre la Unidad Objetivo general\u00a0 Promover una articulaci\u00f3n continua y efectiva entre la Escuela de Obstetricia y Puericultura y los campos cl\u00ednicos p\u00fablicos y privados, basada en una relaci\u00f3n de mutuo [&hellip;]<\/p>\n","protected":false},"author":2,"featured_media":0,"parent":0,"menu_order":0,"comment_status":"closed","ping_status":"closed","template":"","meta":{"footnotes":""},"class_list":["post-34741","page","type-page","status-publish","hentry"],"_links":{"self":[{"href":"https:\/\/obstetricia.uv.cl\/inicio\/index.php\/wp-json\/wp\/v2\/pages\/34741","targetHints":{"allow":["GET"]}}],"collection":[{"href":"https:\/\/obstetricia.uv.cl\/inicio\/index.php\/wp-json\/wp\/v2\/pages"}],"about":[{"href":"https:\/\/obstetricia.uv.cl\/inicio\/index.php\/wp-json\/wp\/v2\/types\/page"}],"author":[{"embeddable":true,"href":"https:\/\/obstetricia.uv.cl\/inicio\/index.php\/wp-json\/wp\/v2\/users\/2"}],"replies":[{"embeddable":true,"href":"https:\/\/obstetricia.uv.cl\/inicio\/index.php\/wp-json\/wp\/v2\/comments?post=34741"}],"version-history":[{"count":24,"href":"https:\/\/obstetricia.uv.cl\/inicio\/index.php\/wp-json\/wp\/v2\/pages\/34741\/revisions"}],"predecessor-version":[{"id":36413,"href":"https:\/\/obstetricia.uv.cl\/inicio\/index.php\/wp-json\/wp\/v2\/pages\/34741\/revisions\/36413"}],"wp:attachment":[{"href":"https:\/\/obstetricia.uv.cl\/inicio\/index.php\/wp-json\/wp\/v2\/media?parent=34741"}],"curies":[{"name":"wp","href":"https:\/\/api.w.org\/{rel}","templated":true}]}}